{"id":87,"date":"2025-06-30T15:34:06","date_gmt":"2025-06-30T15:34:06","guid":{"rendered":"https:\/\/www.maitre-bajer-pellet.fr\/?page_id=87"},"modified":"2025-07-03T21:48:34","modified_gmt":"2025-07-03T21:48:34","slug":"equipe","status":"publish","type":"page","link":"https:\/\/www.maitre-bajer-pellet.fr\/en\/equipe\/","title":{"rendered":"Team"},"content":{"rendered":"<div data-elementor-type=\"wp-page\" data-elementor-id=\"87\" class=\"elementor elementor-87\">\n\t\t\t\t<div class=\"elementor-element elementor-element-ae718cc e-con-full e-flex wpr-particle-no wpr-jarallax-no wpr-parallax-no wpr-sticky-section-no wpr-equal-height-no e-con e-parent\" data-id=\"ae718cc\" data-element_type=\"container\" data-e-type=\"container\">\n\t\t\t\t<div class=\"elementor-element elementor-element-0acb459 wpr-promo-box-style-cover elementor-widget elementor-widget-wpr-promo-box\" data-id=\"0acb459\" data-element_type=\"widget\" data-e-type=\"widget\" data-widget_type=\"wpr-promo-box.default\">\n\t\t\t\t<div class=\"elementor-widget-container\">\n\t\t\t\t\t\n\t\t<div class=\"wpr-promo-box wpr-animation-wrap\">\n\n\t\t\t\t\t\t\t\n\t\t\t\t\t\t\t<div class=\"wpr-promo-box-image\">\n\t\t\t\t\t<div class=\"wpr-promo-box-bg-image wpr-bg-anim-none wpr-anim-timing-ease-default\" style=\"background-image:url(https:\/\/www.maitre-bajer-pellet.fr\/wp-content\/uploads\/2025\/06\/corentin-J5TYAxwQoM8-unsplash-scaled-1.jpg);\"><\/div>\n\t\t\t\t\t<div class=\"wpr-promo-box-bg-overlay wpr-border-anim-none\"><\/div>\n\t\t\t\t<\/div>\n\t\t\t\t\t\t\n\t\t\t<div class=\"wpr-promo-box-content\">\n\n\t\t\t\t\t\t\t\t<div class=\"wpr-promo-box-icon\">\n\t\t\t\t\t\t\t\t\t<\/div>\n\t\t\t\t\n\t\t\t\t<h1 class=\"wpr-promo-box-title\"><span>Team<\/span><\/h1>\n\t\t\t\t\t\t\t\t\t<div class=\"wpr-promo-box-description\">\n\t\t\t\t\t\t<p><p>lawyers at the Paris bar<\/p><\/p>\t\n\t\t\t\t\t<\/div>\t\t\t\t\t\t\n\t\t\t\t\n\t\t\t\t\t\t\t<\/div>\n\n\t\t\t\t\t<\/div>\n\n\t\t\t\t\t\t<\/div>\n\t\t\t\t<\/div>\n\t\t\t\t<\/div>\n\t\t<div class=\"elementor-element elementor-element-8c93483 e-flex e-con-boxed wpr-particle-no wpr-jarallax-no wpr-parallax-no wpr-sticky-section-no wpr-equal-height-no e-con e-parent\" data-id=\"8c93483\" data-element_type=\"container\" data-e-type=\"container\">\n\t\t\t\t\t<div class=\"e-con-inner\">\n\t\t<div class=\"elementor-element elementor-element-d1c1178 e-con-full e-flex wpr-particle-no wpr-jarallax-no wpr-parallax-no wpr-sticky-section-no wpr-equal-height-no e-con e-child\" data-id=\"d1c1178\" data-element_type=\"container\" data-e-type=\"container\">\n\t\t\t\t<div class=\"elementor-element elementor-element-458f083 elementor-widget-divider--view-line elementor-widget elementor-widget-divider\" data-id=\"458f083\" data-element_type=\"widget\" data-e-type=\"widget\" data-widget_type=\"divider.default\">\n\t\t\t\t<div class=\"elementor-widget-container\">\n\t\t\t\t\t\t\t<div class=\"elementor-divider\">\n\t\t\t<span class=\"elementor-divider-separator\">\n\t\t\t\t\t\t<\/span>\n\t\t<\/div>\n\t\t\t\t\t\t<\/div>\n\t\t\t\t<\/div>\n\t\t\t\t<div class=\"elementor-element elementor-element-2494496 elementor-widget elementor-widget-heading\" data-id=\"2494496\" data-element_type=\"widget\" data-e-type=\"widget\" data-widget_type=\"heading.default\">\n\t\t\t\t<div class=\"elementor-widget-container\">\n\t\t\t\t\t<h2 class=\"elementor-heading-title elementor-size-default\">Ma\u00eetre H\u00e9lo\u00efse Bajer\u2013Pellet <\/h2>\t\t\t\t<\/div>\n\t\t\t\t<\/div>\n\t\t\t\t<div class=\"elementor-element elementor-element-72f9a82 elementor-widget elementor-widget-text-editor\" data-id=\"72f9a82\" data-element_type=\"widget\" data-e-type=\"widget\" data-widget_type=\"text-editor.default\">\n\t\t\t\t<div class=\"elementor-widget-container\">\n\t\t\t\t\t\t\t\t\t<p>Lawyer at the Paris Bar<\/p>\t\t\t\t\t\t\t\t<\/div>\n\t\t\t\t<\/div>\n\t\t\t\t<div class=\"elementor-element elementor-element-ee50217 elementor-widget elementor-widget-text-editor\" data-id=\"ee50217\" data-element_type=\"widget\" data-e-type=\"widget\" data-widget_type=\"text-editor.default\">\n\t\t\t\t<div class=\"elementor-widget-container\">\n\t\t\t\t\t\t\t\t\t<p><strong>Ma\u00eetre H\u00e9lo\u00efse Bajer \u2013 Pellet<\/strong> is a partner at the firm. She holds a Master\u2019s degree in Law from Universit\u00e9 Paris I Panth\u00e9on-Sorbonne and is a member of the Paris Bar since January 2001. After a year in the Ethics Department of the Paris Bar Association and a decade of practice at a prestigious mid-sized Parisian law firm\u2014where she gained extensive experience handling multidisciplinary cases and advising clients\u2014she founded her own firm in 2011.<\/p><p>Her career has been shaped by international litigation, particularly in public international law, representing cases before international courts such as the International Court of Justice (ICJ), the International Tribunal for the Law of the Sea (ITLOS), and the Permanent Court of Arbitration (PCA). Building on this solid experience, she co-founded FAR Avocats, a firm dedicated to public international litigation and inter-state disputes, in which she also works.<\/p><p>Over time, she has developed a strong specialization in international civil service law, representing numerous international officials in disputes with their administration.<\/p>\t\t\t\t\t\t\t\t<\/div>\n\t\t\t\t<\/div>\n\t\t\t\t<\/div>\n\t\t<div class=\"elementor-element elementor-element-79777fc e-con-full e-flex wpr-particle-no wpr-jarallax-no wpr-parallax-no wpr-sticky-section-no wpr-equal-height-no e-con e-child\" data-id=\"79777fc\" data-element_type=\"container\" data-e-type=\"container\">\n\t\t\t\t<div class=\"elementor-element elementor-element-c53aa4a elementor-widget elementor-widget-text-editor\" data-id=\"c53aa4a\" data-element_type=\"widget\" data-e-type=\"widget\" data-widget_type=\"text-editor.default\">\n\t\t\t\t<div class=\"elementor-widget-container\">\n\t\t\t\t\t\t\t\t\t<p>Dedicated to providing high-quality legal support, she leverages her extensive academic and professional expertise to serve her clients effectively.<\/p><p>Her skills and reputation in the field have been recognized by the Federation of International Civil Servants' Associations (FICSA), which has listed her among its recommended lawyers for international administrative law matters.<\/p><p>Her in-depth expertise is further reinforced by her role as an assessor at the First Instance Tribunal of the Organisation Internationale de la Francophonie (OIF), where she has gained firsthand insight into the legal challenges of international civil service disputes.<\/p><p>She supports you in both French and English and has some knowledge of Spanish.<\/p>\t\t\t\t\t\t\t\t<\/div>\n\t\t\t\t<\/div>\n\t\t\t\t<div class=\"elementor-element elementor-element-fbe4c68 elementor-widget elementor-widget-image\" data-id=\"fbe4c68\" data-element_type=\"widget\" data-e-type=\"widget\" data-widget_type=\"image.default\">\n\t\t\t\t<div class=\"elementor-widget-container\">\n\t\t\t\t\t\t\t\t\t\t\t\t\t\t\t<img fetchpriority=\"high\" decoding=\"async\" width=\"958\" height=\"1024\" src=\"https:\/\/www.maitre-bajer-pellet.fr\/wp-content\/uploads\/2025\/06\/Unknown-3-scaled-e1749051755490-958x1024.jpeg\" class=\"attachment-large size-large wp-image-89\" alt=\"Ma\u00eetre H\u00e9lo\u00efse Bajer\u2013Pellet - Avocate au Barreau de Paris\" srcset=\"https:\/\/www.maitre-bajer-pellet.fr\/wp-content\/uploads\/2025\/06\/Unknown-3-scaled-e1749051755490-958x1024.jpeg 958w, https:\/\/www.maitre-bajer-pellet.fr\/wp-content\/uploads\/2025\/06\/Unknown-3-scaled-e1749051755490-281x300.jpeg 281w, https:\/\/www.maitre-bajer-pellet.fr\/wp-content\/uploads\/2025\/06\/Unknown-3-scaled-e1749051755490-768x821.jpeg 768w, https:\/\/www.maitre-bajer-pellet.fr\/wp-content\/uploads\/2025\/06\/Unknown-3-scaled-e1749051755490-1437x1536.jpeg 1437w, https:\/\/www.maitre-bajer-pellet.fr\/wp-content\/uploads\/2025\/06\/Unknown-3-scaled-e1749051755490.jpeg 1824w\" sizes=\"(max-width: 958px) 100vw, 958px\" \/>\t\t\t\t\t\t\t\t\t\t\t\t\t\t\t<\/div>\n\t\t\t\t<\/div>\n\t\t\t\t<div class=\"elementor-element elementor-element-8c08496 elementor-icon-list--layout-traditional elementor-list-item-link-full_width elementor-widget elementor-widget-icon-list\" data-id=\"8c08496\" data-element_type=\"widget\" data-e-type=\"widget\" data-widget_type=\"icon-list.default\">\n\t\t\t\t<div class=\"elementor-widget-container\">\n\t\t\t\t\t\t\t<ul class=\"elementor-icon-list-items\">\n\t\t\t\t\t\t\t<li class=\"elementor-icon-list-item\">\n\t\t\t\t\t\t\t\t\t\t\t<a href=\"mailto:h.bajer-pellet@bajer-pellet-avocats.com%20%20%20\" target=\"_blank\">\n\n\t\t\t\t\t\t\t\t\t\t\t\t<span class=\"elementor-icon-list-icon\">\n\t\t\t\t\t\t\t<svg aria-hidden=\"true\" class=\"e-font-icon-svg e-fas-envelope\" viewbox=\"0 0 512 512\" xmlns=\"http:\/\/www.w3.org\/2000\/svg\"><path d=\"M502.3 190.8c3.9-3.1 9.7-.2 9.7 4.7V400c0 26.5-21.5 48-48 48H48c-26.5 0-48-21.5-48-48V195.6c0-5 5.7-7.8 9.7-4.7 22.4 17.4 52.1 39.5 154.1 113.6 21.1 15.4 56.7 47.8 92.2 47.6 35.7.3 72-32.8 92.3-47.6 102-74.1 131.6-96.3 154-113.7zM256 320c23.2.4 56.6-29.2 73.4-41.4 132.7-96.3 142.8-104.7 173.4-128.7 5.8-4.5 9.2-11.5 9.2-18.9v-19c0-26.5-21.5-48-48-48H48C21.5 64 0 85.5 0 112v19c0 7.4 3.4 14.3 9.2 18.9 30.6 23.9 40.7 32.4 173.4 128.7 16.8 12.2 50.2 41.8 73.4 41.4z\"><\/path><\/svg>\t\t\t\t\t\t<\/span>\n\t\t\t\t\t\t\t\t\t\t<span class=\"elementor-icon-list-text\">h.bajer-pellet@bajer-pellet-avocats.com   <\/span>\n\t\t\t\t\t\t\t\t\t\t\t<\/a>\n\t\t\t\t\t\t\t\t\t<\/li>\n\t\t\t\t\t\t\t\t<li class=\"elementor-icon-list-item\">\n\t\t\t\t\t\t\t\t\t\t\t<a href=\"https:\/\/www.linkedin.com\/in\/h%C3%A9lo%C3%AFse-bajer-pellet-75429210\/\" target=\"_blank\">\n\n\t\t\t\t\t\t\t\t\t\t\t\t<span class=\"elementor-icon-list-icon\">\n\t\t\t\t\t\t\t<svg aria-hidden=\"true\" class=\"e-font-icon-svg e-fab-linkedin\" viewbox=\"0 0 448 512\" xmlns=\"http:\/\/www.w3.org\/2000\/svg\"><path d=\"M416 32H31.9C14.3 32 0 46.5 0 64.3v383.4C0 465.5 14.3 480 31.9 480H416c17.6 0 32-14.5 32-32.3V64.3c0-17.8-14.4-32.3-32-32.3zM135.4 416H69V202.2h66.5V416zm-33.2-243c-21.3 0-38.5-17.3-38.5-38.5S80.9 96 102.2 96c21.2 0 38.5 17.3 38.5 38.5 0 21.3-17.2 38.5-38.5 38.5zm282.1 243h-66.4V312c0-24.8-.5-56.7-34.5-56.7-34.6 0-39.9 27-39.9 54.9V416h-66.4V202.2h63.7v29.2h.9c8.9-16.8 30.6-34.5 62.9-34.5 67.2 0 79.7 44.3 79.7 101.9V416z\"><\/path><\/svg>\t\t\t\t\t\t<\/span>\n\t\t\t\t\t\t\t\t\t\t<span class=\"elementor-icon-list-text\">linkedin profile<\/span>\n\t\t\t\t\t\t\t\t\t\t\t<\/a>\n\t\t\t\t\t\t\t\t\t<\/li>\n\t\t\t\t\t\t<\/ul>\n\t\t\t\t\t\t<\/div>\n\t\t\t\t<\/div>\n\t\t\t\t<\/div>\n\t\t\t\t\t<\/div>\n\t\t\t\t<\/div>\n\t\t<div class=\"elementor-element elementor-element-96c1c4e e-flex e-con-boxed wpr-particle-no wpr-jarallax-no wpr-parallax-no wpr-sticky-section-no wpr-equal-height-no e-con e-parent\" data-id=\"96c1c4e\" data-element_type=\"container\" data-e-type=\"container\" data-settings=\"{&quot;background_background&quot;:&quot;classic&quot;}\">\n\t\t\t\t\t<div class=\"e-con-inner\">\n\t\t<div class=\"elementor-element elementor-element-7b39dbd e-con-full e-flex wpr-particle-no wpr-jarallax-no wpr-parallax-no wpr-sticky-section-no wpr-equal-height-no e-con e-child\" data-id=\"7b39dbd\" data-element_type=\"container\" data-e-type=\"container\">\n\t\t\t\t<div class=\"elementor-element elementor-element-f5f2f63 elementor-widget-divider--view-line elementor-widget elementor-widget-divider\" data-id=\"f5f2f63\" data-element_type=\"widget\" data-e-type=\"widget\" data-widget_type=\"divider.default\">\n\t\t\t\t<div class=\"elementor-widget-container\">\n\t\t\t\t\t\t\t<div class=\"elementor-divider\">\n\t\t\t<span class=\"elementor-divider-separator\">\n\t\t\t\t\t\t<\/span>\n\t\t<\/div>\n\t\t\t\t\t\t<\/div>\n\t\t\t\t<\/div>\n\t\t\t\t<div class=\"elementor-element elementor-element-0523c71 elementor-widget elementor-widget-heading\" data-id=\"0523c71\" data-element_type=\"widget\" data-e-type=\"widget\" data-widget_type=\"heading.default\">\n\t\t\t\t<div class=\"elementor-widget-container\">\n\t\t\t\t\t<h3 class=\"elementor-heading-title elementor-size-default\">Ma\u00eetre Capucine Hamon <\/h3>\t\t\t\t<\/div>\n\t\t\t\t<\/div>\n\t\t\t\t<div class=\"elementor-element elementor-element-c13e106 elementor-widget elementor-widget-text-editor\" data-id=\"c13e106\" data-element_type=\"widget\" data-e-type=\"widget\" data-widget_type=\"text-editor.default\">\n\t\t\t\t<div class=\"elementor-widget-container\">\n\t\t\t\t\t\t\t\t\t<p>Lawyer at the Paris Bar<\/p>\t\t\t\t\t\t\t\t<\/div>\n\t\t\t\t<\/div>\n\t\t\t\t<div class=\"elementor-element elementor-element-73a8916 elementor-widget elementor-widget-text-editor\" data-id=\"73a8916\" data-element_type=\"widget\" data-e-type=\"widget\" data-widget_type=\"text-editor.default\">\n\t\t\t\t<div class=\"elementor-widget-container\">\n\t\t\t\t\t\t\t\t\t<p><strong>Ma\u00eetre Capucine Hamon<\/strong> is a member of the Paris Bar since November 2024. She holds a Master\u2019s degree in International Law and International organisations from Universit\u00e9 Paris I Panth\u00e9on-Sorbonne and is also a graduate of Cardiff University.<\/p><p>Before joining Ma\u00eetre H\u00e9lo\u00efse Bajer-Pellet\u2019s firm, she completed traineeships in France and abroad, gaining experience in legal departments of international organisations such as the United Nations Relief and Works Agency for Palestine Refugees (UNRWA) and the Organisation for Economic Co-operation and Development (OECD). Her background also includes work with an international criminal tribunal, the International Residual Mechanism for Criminal Tribunals (IRMCT); the French Embassy in Tanzania; and specialised law firms focused on international civil service law and international criminal law.<\/p><p>Fluent in French and English, and is currently learning Spanish.<\/p>\t\t\t\t\t\t\t\t<\/div>\n\t\t\t\t<\/div>\n\t\t\t\t<\/div>\n\t\t<div class=\"elementor-element elementor-element-6ba461b e-con-full e-flex wpr-particle-no wpr-jarallax-no wpr-parallax-no wpr-sticky-section-no wpr-equal-height-no e-con e-child\" data-id=\"6ba461b\" data-element_type=\"container\" data-e-type=\"container\">\n\t\t\t\t<div class=\"elementor-element elementor-element-b6bd5d5 elementor-widget elementor-widget-image\" data-id=\"b6bd5d5\" data-element_type=\"widget\" data-e-type=\"widget\" data-widget_type=\"image.default\">\n\t\t\t\t<div class=\"elementor-widget-container\">\n\t\t\t\t\t\t\t\t\t\t\t\t\t\t\t<img decoding=\"async\" width=\"768\" height=\"1024\" src=\"https:\/\/www.maitre-bajer-pellet.fr\/wp-content\/uploads\/2025\/06\/Unknown-1-scaled-1-768x1024.jpeg\" class=\"attachment-large size-large wp-image-74\" alt=\"Photographie de Ma\u00eetre Capucine Hamon\" srcset=\"https:\/\/www.maitre-bajer-pellet.fr\/wp-content\/uploads\/2025\/06\/Unknown-1-scaled-1-768x1024.jpeg 768w, https:\/\/www.maitre-bajer-pellet.fr\/wp-content\/uploads\/2025\/06\/Unknown-1-scaled-1-225x300.jpeg 225w, https:\/\/www.maitre-bajer-pellet.fr\/wp-content\/uploads\/2025\/06\/Unknown-1-scaled-1-1152x1536.jpeg 1152w, https:\/\/www.maitre-bajer-pellet.fr\/wp-content\/uploads\/2025\/06\/Unknown-1-scaled-1-1536x2048.jpeg 1536w, https:\/\/www.maitre-bajer-pellet.fr\/wp-content\/uploads\/2025\/06\/Unknown-1-scaled-1.jpeg 1920w\" sizes=\"(max-width: 768px) 100vw, 768px\" \/>\t\t\t\t\t\t\t\t\t\t\t\t\t\t\t<\/div>\n\t\t\t\t<\/div>\n\t\t\t\t<div class=\"elementor-element elementor-element-d511321 elementor-icon-list--layout-traditional elementor-list-item-link-full_width elementor-widget elementor-widget-icon-list\" data-id=\"d511321\" data-element_type=\"widget\" data-e-type=\"widget\" data-widget_type=\"icon-list.default\">\n\t\t\t\t<div class=\"elementor-widget-container\">\n\t\t\t\t\t\t\t<ul class=\"elementor-icon-list-items\">\n\t\t\t\t\t\t\t<li class=\"elementor-icon-list-item\">\n\t\t\t\t\t\t\t\t\t\t\t<a href=\"mailto:c.hamon@bajer-pellet-avocats.com%20%20%20%20\" target=\"_blank\">\n\n\t\t\t\t\t\t\t\t\t\t\t\t<span class=\"elementor-icon-list-icon\">\n\t\t\t\t\t\t\t<svg aria-hidden=\"true\" class=\"e-font-icon-svg e-fas-envelope\" viewbox=\"0 0 512 512\" xmlns=\"http:\/\/www.w3.org\/2000\/svg\"><path d=\"M502.3 190.8c3.9-3.1 9.7-.2 9.7 4.7V400c0 26.5-21.5 48-48 48H48c-26.5 0-48-21.5-48-48V195.6c0-5 5.7-7.8 9.7-4.7 22.4 17.4 52.1 39.5 154.1 113.6 21.1 15.4 56.7 47.8 92.2 47.6 35.7.3 72-32.8 92.3-47.6 102-74.1 131.6-96.3 154-113.7zM256 320c23.2.4 56.6-29.2 73.4-41.4 132.7-96.3 142.8-104.7 173.4-128.7 5.8-4.5 9.2-11.5 9.2-18.9v-19c0-26.5-21.5-48-48-48H48C21.5 64 0 85.5 0 112v19c0 7.4 3.4 14.3 9.2 18.9 30.6 23.9 40.7 32.4 173.4 128.7 16.8 12.2 50.2 41.8 73.4 41.4z\"><\/path><\/svg>\t\t\t\t\t\t<\/span>\n\t\t\t\t\t\t\t\t\t\t<span class=\"elementor-icon-list-text\">c.hamon@bajer-pellet-avocats.com    <\/span>\n\t\t\t\t\t\t\t\t\t\t\t<\/a>\n\t\t\t\t\t\t\t\t\t<\/li>\n\t\t\t\t\t\t\t\t<li class=\"elementor-icon-list-item\">\n\t\t\t\t\t\t\t\t\t\t\t<a href=\"https:\/\/www.linkedin.com\/in\/capucine-h-462894118\/\" target=\"_blank\">\n\n\t\t\t\t\t\t\t\t\t\t\t\t<span class=\"elementor-icon-list-icon\">\n\t\t\t\t\t\t\t<svg aria-hidden=\"true\" class=\"e-font-icon-svg e-fab-linkedin\" viewbox=\"0 0 448 512\" xmlns=\"http:\/\/www.w3.org\/2000\/svg\"><path d=\"M416 32H31.9C14.3 32 0 46.5 0 64.3v383.4C0 465.5 14.3 480 31.9 480H416c17.6 0 32-14.5 32-32.3V64.3c0-17.8-14.4-32.3-32-32.3zM135.4 416H69V202.2h66.5V416zm-33.2-243c-21.3 0-38.5-17.3-38.5-38.5S80.9 96 102.2 96c21.2 0 38.5 17.3 38.5 38.5 0 21.3-17.2 38.5-38.5 38.5zm282.1 243h-66.4V312c0-24.8-.5-56.7-34.5-56.7-34.6 0-39.9 27-39.9 54.9V416h-66.4V202.2h63.7v29.2h.9c8.9-16.8 30.6-34.5 62.9-34.5 67.2 0 79.7 44.3 79.7 101.9V416z\"><\/path><\/svg>\t\t\t\t\t\t<\/span>\n\t\t\t\t\t\t\t\t\t\t<span class=\"elementor-icon-list-text\">linkedin profile<\/span>\n\t\t\t\t\t\t\t\t\t\t\t<\/a>\n\t\t\t\t\t\t\t\t\t<\/li>\n\t\t\t\t\t\t<\/ul>\n\t\t\t\t\t\t<\/div>\n\t\t\t\t<\/div>\n\t\t\t\t<\/div>\n\t\t\t\t\t<\/div>\n\t\t\t\t<\/div>\n\t\t\t\t<\/div>","protected":false},"excerpt":{"rendered":"<p>\u00c9quipe avocates au barreau de paris Ma\u00eetre H\u00e9lo\u00efse Bajer\u2013Pellet Avocate au Barreau de Paris Ma\u00eetre H\u00e9lo\u00efse Bajer \u2013 Pellet est associ\u00e9e du cabinet. Titulaire d\u2019un Master de droit \u00e0 l\u2019Universit\u00e9 Paris I Sorbonne, elle est inscrite au Barreau de Paris depuis janvier 2001. Apr\u00e8s une ann\u00e9e pass\u00e9e au service d\u00e9ontologie de l\u2019Ordre des Avocats de Paris et forte de 10 ann\u00e9es de collaboration au sein d\u2019un cabinet d\u2019avocats parisien renomm\u00e9, de taille moyenne, qui lui a permis une v\u00e9ritable implication dans l&rsquo;accompagnement des clients et de dossiers pluridisciplinaires, elle a fond\u00e9 le cabinet en 2011. Elle a toujours travaill\u00e9 dans un contexte international, notamment dans des contentieux de droit international public devant des juridictions internationales comme la Cour internationale de Justice, le Tribunal international du droit de la mer ou la Cour Permanente d\u2019Arbitrage. Forte de cette solide exp\u00e9rience, elle a fond\u00e9 le\u00a0cabinet FAR Avocats, sp\u00e9cialis\u00e9 dans le contentieux international public et les diff\u00e9rends inter\u00e9tatiques, dans lequel elle exerce en parall\u00e8le. Ma\u00eetre H\u00e9lo\u00efse Bajer \u2013 Pellet a plus sp\u00e9cifiquement orient\u00e9 sa pratique vers droit de la fonction publique internationale, en assurant la d\u00e9fense de tr\u00e8s nombreux fonctionnaires et agents internationaux dans les litiges les opposant \u00e0 leur Administration. Sa pratique et ses comp\u00e9tences ont \u00e9t\u00e9 reconnues par la F\u00e9d\u00e9ration des associations des fonctionnaires internationaux (FICSA) et lui ont values d\u2019\u00eatre inscrite sur la liste des avocats recommand\u00e9s comme poss\u00e9dant les comp\u00e9tences requises en mati\u00e8re de droit administratif international. Son expertise approfondie dans ce domaine repose \u00e9galement sur son exp\u00e9rience en tant qu\u2019assesseure du Tribunal de premi\u00e8re instance de l&rsquo;Organisation Internationale de la Francophonie, o\u00f9 elle a d\u00e9velopp\u00e9 une connaissance compl\u00e8te des enjeux juridiques propres \u00e0 ce domaine. Anim\u00e9e par la volont\u00e9 d\u2019accompagner au mieux ses clients, elle s\u2019engage \u00e0 mettre au service de chacun d\u2019eux une expertise de qualit\u00e9, acquise tant par sa formation universitaire que professionnelle. Elle vous accompagne aussi bien en fran\u00e7ais qu\u2019en anglais et poss\u00e8de quelques notions d\u2019espagnol. h.bajer-pellet@bajer-pellet-avocats.com Profil Linkedin Ma\u00eetre Capucine Hamon Avocate au Barreau de Paris Ma\u00eetre Capucine Hamon est avocate au Barreau de Paris depuis novembre 2024. Elle est titulaire d\u2019un Master II Droit international et organisations internationales de l\u2019Universit\u00e9 Paris I Panth\u00e9on Sorbonne et est \u00e9galement dipl\u00f4m\u00e9e de la Cardiff University. Avant d\u2019int\u00e9grer le cabinet de Ma\u00eetre H\u00e9lo\u00efse Bajer-Pellet, Ma\u00eetre Capucine Hamon a r\u00e9alis\u00e9 plusieurs stages en France et \u00e0 l\u2019\u00e9tranger, notamment au sein de d\u00e9partements juridiques d\u2019organisations internationales comme l\u2019Office de secours et de travaux des Nations unies pour les r\u00e9fugi\u00e9s de Palestine (UNRWA) et l\u2019Organisation de coop\u00e9ration et de d\u00e9veloppement \u00e9conomiques (OCDE).\u00a0Elle a \u00e9galement collabor\u00e9 au sein d\u2019une juridiction p\u00e9nale internationale (le M\u00e9canisme international r\u00e9siduel pour les Tribunaux p\u00e9naux), de l\u2019Ambassade de France en Tanzanie et aupr\u00e8s de cabinets d\u2019avocats sp\u00e9cialis\u00e9s en droit de la fonction publique internationale et droit p\u00e9nal international. Elle exerce en fran\u00e7ais et anglais, et poursuit son apprentissage de l\u2019espagnol. c.hamon@bajer-pellet-avocats.com Profil Linkedin<\/p>","protected":false},"author":1,"featured_media":0,"parent":0,"menu_order":0,"comment_status":"closed","ping_status":"closed","template":"","meta":{"site-sidebar-layout":"no-sidebar","site-content-layout":"","ast-site-content-layout":"full-width-container","site-content-style":"default","site-sidebar-style":"default","ast-global-header-display":"","ast-banner-title-visibility":"","ast-main-header-display":"","ast-hfb-above-header-display":"","ast-hfb-below-header-display":"","ast-hfb-mobile-header-display":"","site-post-title":"disabled","ast-breadcrumbs-content":"","ast-featured-img":"disabled","footer-sml-layout":"","ast-disable-related-posts":"","theme-transparent-header-meta":"","adv-header-id-meta":"","stick-header-meta":"","header-above-stick-meta":"","header-main-stick-meta":"","header-below-stick-meta":"","astra-migrate-meta-layouts":"default","ast-page-background-enabled":"default","ast-page-background-meta":{"desktop":{"background-color":"var(--ast-global-color-5)","background-image":"","background-repeat":"repeat","background-position":"center center","background-size":"auto","background-attachment":"scroll","background-type":"","background-media":"","overlay-type":"","overlay-color":"","overlay-opacity":"","overlay-gradient":""},"tablet":{"background-color":"","background-image":"","background-repeat":"repeat","background-position":"center center","background-size":"auto","background-attachment":"scroll","background-type":"","background-media":"","overlay-type":"","overlay-color":"","overlay-opacity":"","overlay-gradient":""},"mobile":{"background-color":"","background-image":"","background-repeat":"repeat","background-position":"center center","background-size":"auto","background-attachment":"scroll","background-type":"","background-media":"","overlay-type":"","overlay-color":"","overlay-opacity":"","overlay-gradient":""}},"ast-content-background-meta":{"desktop":{"background-color":"var(--ast-global-color-4)","background-image":"","background-repeat":"repeat","background-position":"center center","background-size":"auto","background-attachment":"scroll","background-type":"","background-media":"","overlay-type":"","overlay-color":"","overlay-opacity":"","overlay-gradient":""},"tablet":{"background-color":"var(--ast-global-color-4)","background-image":"","background-repeat":"repeat","background-position":"center center","background-size":"auto","background-attachment":"scroll","background-type":"","background-media":"","overlay-type":"","overlay-color":"","overlay-opacity":"","overlay-gradient":""},"mobile":{"background-color":"var(--ast-global-color-4)","background-image":"","background-repeat":"repeat","background-position":"center center","background-size":"auto","background-attachment":"scroll","background-type":"","background-media":"","overlay-type":"","overlay-color":"","overlay-opacity":"","overlay-gradient":""}},"footnotes":""},"class_list":["post-87","page","type-page","status-publish","hentry"],"yoast_head":"<!-- This site is optimized with the Yoast SEO plugin v27.5 - https:\/\/yoast.com\/product\/yoast-seo-wordpress\/ -->\n<title>\u00c9quipe - Ma\u00eetre H\u00e9lo\u00efse BAJER \u2013 PELLET, Avocate au barreau de Paris<\/title>\n<meta name=\"description\" content=\"\u00c9quipe - Cabinet H\u00e9lo\u00efse Bajer-Pellet Avocates au Barreau de Paris - Ma\u00eetre Capucine HAMON, Avocate au Barreau de paris depuis 2024 ...\" \/>\n<meta name=\"robots\" content=\"index, follow, max-snippet:-1, max-image-preview:large, max-video-preview:-1\" \/>\n<link rel=\"canonical\" href=\"https:\/\/www.maitre-bajer-pellet.fr\/en\/equipe\/\" \/>\n<meta property=\"og:locale\" content=\"en_GB\" \/>\n<meta property=\"og:type\" content=\"article\" \/>\n<meta property=\"og:title\" content=\"\u00c9quipe - Ma\u00eetre H\u00e9lo\u00efse BAJER \u2013 PELLET, Avocate au barreau de Paris\" \/>\n<meta property=\"og:description\" content=\"\u00c9quipe - Cabinet H\u00e9lo\u00efse Bajer-Pellet Avocates au Barreau de Paris - Ma\u00eetre Capucine HAMON, Avocate au Barreau de paris depuis 2024 ...\" \/>\n<meta property=\"og:url\" content=\"https:\/\/www.maitre-bajer-pellet.fr\/en\/equipe\/\" \/>\n<meta property=\"og:site_name\" content=\"Ma\u00eetre H\u00e9lo\u00efse BAJER \u2013 PELLET, Avocate au barreau de Paris\" \/>\n<meta property=\"article:modified_time\" content=\"2025-07-03T21:48:34+00:00\" \/>\n<meta property=\"og:image\" content=\"https:\/\/www.maitre-bajer-pellet.fr\/wp-content\/uploads\/2025\/06\/Unknown-3-scaled-e1749051755490-958x1024.jpeg\" \/>\n<meta name=\"twitter:card\" content=\"summary_large_image\" \/>\n<meta name=\"twitter:label1\" content=\"Estimated reading time\" \/>\n\t<meta name=\"twitter:data1\" content=\"3 minutes\" \/>\n<script type=\"application\/ld+json\" class=\"yoast-schema-graph\">{\"@context\":\"https:\\\/\\\/schema.org\",\"@graph\":[{\"@type\":\"WebPage\",\"@id\":\"https:\\\/\\\/www.maitre-bajer-pellet.fr\\\/en\\\/equipe\\\/\",\"url\":\"https:\\\/\\\/www.maitre-bajer-pellet.fr\\\/en\\\/equipe\\\/\",\"name\":\"\u00c9quipe - Ma\u00eetre H\u00e9lo\u00efse BAJER \u2013 PELLET, Avocate au barreau de Paris\",\"isPartOf\":{\"@id\":\"https:\\\/\\\/www.maitre-bajer-pellet.fr\\\/#website\"},\"primaryImageOfPage\":{\"@id\":\"https:\\\/\\\/www.maitre-bajer-pellet.fr\\\/en\\\/equipe\\\/#primaryimage\"},\"image\":{\"@id\":\"https:\\\/\\\/www.maitre-bajer-pellet.fr\\\/en\\\/equipe\\\/#primaryimage\"},\"thumbnailUrl\":\"https:\\\/\\\/www.maitre-bajer-pellet.fr\\\/wp-content\\\/uploads\\\/2025\\\/06\\\/Unknown-3-scaled-e1749051755490-958x1024.jpeg\",\"datePublished\":\"2025-06-30T15:34:06+00:00\",\"dateModified\":\"2025-07-03T21:48:34+00:00\",\"description\":\"\u00c9quipe - Cabinet H\u00e9lo\u00efse Bajer-Pellet Avocates au Barreau de Paris - Ma\u00eetre Capucine HAMON, Avocate au Barreau de paris depuis 2024 ...\",\"breadcrumb\":{\"@id\":\"https:\\\/\\\/www.maitre-bajer-pellet.fr\\\/en\\\/equipe\\\/#breadcrumb\"},\"inLanguage\":\"en-GB\",\"potentialAction\":[{\"@type\":\"ReadAction\",\"target\":[\"https:\\\/\\\/www.maitre-bajer-pellet.fr\\\/en\\\/equipe\\\/\"]}]},{\"@type\":\"ImageObject\",\"inLanguage\":\"en-GB\",\"@id\":\"https:\\\/\\\/www.maitre-bajer-pellet.fr\\\/en\\\/equipe\\\/#primaryimage\",\"url\":\"https:\\\/\\\/www.maitre-bajer-pellet.fr\\\/wp-content\\\/uploads\\\/2025\\\/06\\\/Unknown-3-scaled-e1749051755490-958x1024.jpeg\",\"contentUrl\":\"https:\\\/\\\/www.maitre-bajer-pellet.fr\\\/wp-content\\\/uploads\\\/2025\\\/06\\\/Unknown-3-scaled-e1749051755490-958x1024.jpeg\"},{\"@type\":\"BreadcrumbList\",\"@id\":\"https:\\\/\\\/www.maitre-bajer-pellet.fr\\\/en\\\/equipe\\\/#breadcrumb\",\"itemListElement\":[{\"@type\":\"ListItem\",\"position\":1,\"name\":\"Accueil\",\"item\":\"https:\\\/\\\/www.maitre-bajer-pellet.fr\\\/\"},{\"@type\":\"ListItem\",\"position\":2,\"name\":\"\u00c9quipe\"}]},{\"@type\":\"WebSite\",\"@id\":\"https:\\\/\\\/www.maitre-bajer-pellet.fr\\\/#website\",\"url\":\"https:\\\/\\\/www.maitre-bajer-pellet.fr\\\/\",\"name\":\"Ma\u00eetre H\u00e9lo\u00efse BAJER \u2013 PELLET, Avocate au barreau de Paris\",\"description\":\"\",\"publisher\":{\"@id\":\"https:\\\/\\\/www.maitre-bajer-pellet.fr\\\/#\\\/schema\\\/person\\\/6a83d35b8f0e04ecb2b7452d694ef6b3\"},\"potentialAction\":[{\"@type\":\"SearchAction\",\"target\":{\"@type\":\"EntryPoint\",\"urlTemplate\":\"https:\\\/\\\/www.maitre-bajer-pellet.fr\\\/?s={search_term_string}\"},\"query-input\":{\"@type\":\"PropertyValueSpecification\",\"valueRequired\":true,\"valueName\":\"search_term_string\"}}],\"inLanguage\":\"en-GB\"},{\"@type\":[\"Person\",\"Organization\"],\"@id\":\"https:\\\/\\\/www.maitre-bajer-pellet.fr\\\/#\\\/schema\\\/person\\\/6a83d35b8f0e04ecb2b7452d694ef6b3\",\"name\":\"admin\",\"image\":{\"@type\":\"ImageObject\",\"inLanguage\":\"en-GB\",\"@id\":\"https:\\\/\\\/www.maitre-bajer-pellet.fr\\\/wp-content\\\/uploads\\\/2025\\\/06\\\/cropped-Logotype_HBP_Avocats_RVB_Seul_Bleu.png\",\"url\":\"https:\\\/\\\/www.maitre-bajer-pellet.fr\\\/wp-content\\\/uploads\\\/2025\\\/06\\\/cropped-Logotype_HBP_Avocats_RVB_Seul_Bleu.png\",\"contentUrl\":\"https:\\\/\\\/www.maitre-bajer-pellet.fr\\\/wp-content\\\/uploads\\\/2025\\\/06\\\/cropped-Logotype_HBP_Avocats_RVB_Seul_Bleu.png\",\"width\":512,\"height\":512,\"caption\":\"admin\"},\"logo\":{\"@id\":\"https:\\\/\\\/www.maitre-bajer-pellet.fr\\\/wp-content\\\/uploads\\\/2025\\\/06\\\/cropped-Logotype_HBP_Avocats_RVB_Seul_Bleu.png\"},\"sameAs\":[\"https:\\\/\\\/maitre-bajer-pellet.fr\"]}]}<\/script>\n<!-- \/ Yoast SEO plugin. -->","yoast_head_json":{"title":"\u00c9quipe - Ma\u00eetre H\u00e9lo\u00efse BAJER \u2013 PELLET, Avocate au barreau de Paris","description":"\u00c9quipe - Cabinet H\u00e9lo\u00efse Bajer-Pellet Avocates au Barreau de Paris - Ma\u00eetre Capucine HAMON, Avocate au Barreau de paris depuis 2024 ...","robots":{"index":"index","follow":"follow","max-snippet":"max-snippet:-1","max-image-preview":"max-image-preview:large","max-video-preview":"max-video-preview:-1"},"canonical":"https:\/\/www.maitre-bajer-pellet.fr\/en\/equipe\/","og_locale":"en_GB","og_type":"article","og_title":"\u00c9quipe - Ma\u00eetre H\u00e9lo\u00efse BAJER \u2013 PELLET, Avocate au barreau de Paris","og_description":"\u00c9quipe - Cabinet H\u00e9lo\u00efse Bajer-Pellet Avocates au Barreau de Paris - Ma\u00eetre Capucine HAMON, Avocate au Barreau de paris depuis 2024 ...","og_url":"https:\/\/www.maitre-bajer-pellet.fr\/en\/equipe\/","og_site_name":"Ma\u00eetre H\u00e9lo\u00efse BAJER \u2013 PELLET, Avocate au barreau de Paris","article_modified_time":"2025-07-03T21:48:34+00:00","og_image":[{"url":"https:\/\/www.maitre-bajer-pellet.fr\/wp-content\/uploads\/2025\/06\/Unknown-3-scaled-e1749051755490-958x1024.jpeg","type":"","width":"","height":""}],"twitter_card":"summary_large_image","twitter_misc":{"Estimated reading time":"3 minutes"},"schema":{"@context":"https:\/\/schema.org","@graph":[{"@type":"WebPage","@id":"https:\/\/www.maitre-bajer-pellet.fr\/en\/equipe\/","url":"https:\/\/www.maitre-bajer-pellet.fr\/en\/equipe\/","name":"\u00c9quipe - Ma\u00eetre H\u00e9lo\u00efse BAJER \u2013 PELLET, Avocate au barreau de Paris","isPartOf":{"@id":"https:\/\/www.maitre-bajer-pellet.fr\/#website"},"primaryImageOfPage":{"@id":"https:\/\/www.maitre-bajer-pellet.fr\/en\/equipe\/#primaryimage"},"image":{"@id":"https:\/\/www.maitre-bajer-pellet.fr\/en\/equipe\/#primaryimage"},"thumbnailUrl":"https:\/\/www.maitre-bajer-pellet.fr\/wp-content\/uploads\/2025\/06\/Unknown-3-scaled-e1749051755490-958x1024.jpeg","datePublished":"2025-06-30T15:34:06+00:00","dateModified":"2025-07-03T21:48:34+00:00","description":"\u00c9quipe - Cabinet H\u00e9lo\u00efse Bajer-Pellet Avocates au Barreau de Paris - Ma\u00eetre Capucine HAMON, Avocate au Barreau de paris depuis 2024 ...","breadcrumb":{"@id":"https:\/\/www.maitre-bajer-pellet.fr\/en\/equipe\/#breadcrumb"},"inLanguage":"en-GB","potentialAction":[{"@type":"ReadAction","target":["https:\/\/www.maitre-bajer-pellet.fr\/en\/equipe\/"]}]},{"@type":"ImageObject","inLanguage":"en-GB","@id":"https:\/\/www.maitre-bajer-pellet.fr\/en\/equipe\/#primaryimage","url":"https:\/\/www.maitre-bajer-pellet.fr\/wp-content\/uploads\/2025\/06\/Unknown-3-scaled-e1749051755490-958x1024.jpeg","contentUrl":"https:\/\/www.maitre-bajer-pellet.fr\/wp-content\/uploads\/2025\/06\/Unknown-3-scaled-e1749051755490-958x1024.jpeg"},{"@type":"BreadcrumbList","@id":"https:\/\/www.maitre-bajer-pellet.fr\/en\/equipe\/#breadcrumb","itemListElement":[{"@type":"ListItem","position":1,"name":"Accueil","item":"https:\/\/www.maitre-bajer-pellet.fr\/"},{"@type":"ListItem","position":2,"name":"\u00c9quipe"}]},{"@type":"WebSite","@id":"https:\/\/www.maitre-bajer-pellet.fr\/#website","url":"https:\/\/www.maitre-bajer-pellet.fr\/","name":"Ma\u00eetre H\u00e9lo\u00efse BAJER \u2013 PELLET, Avocate au barreau de Paris","description":"","publisher":{"@id":"https:\/\/www.maitre-bajer-pellet.fr\/#\/schema\/person\/6a83d35b8f0e04ecb2b7452d694ef6b3"},"potentialAction":[{"@type":"SearchAction","target":{"@type":"EntryPoint","urlTemplate":"https:\/\/www.maitre-bajer-pellet.fr\/?s={search_term_string}"},"query-input":{"@type":"PropertyValueSpecification","valueRequired":true,"valueName":"search_term_string"}}],"inLanguage":"en-GB"},{"@type":["Person","Organization"],"@id":"https:\/\/www.maitre-bajer-pellet.fr\/#\/schema\/person\/6a83d35b8f0e04ecb2b7452d694ef6b3","name":"admin","image":{"@type":"ImageObject","inLanguage":"en-GB","@id":"https:\/\/www.maitre-bajer-pellet.fr\/wp-content\/uploads\/2025\/06\/cropped-Logotype_HBP_Avocats_RVB_Seul_Bleu.png","url":"https:\/\/www.maitre-bajer-pellet.fr\/wp-content\/uploads\/2025\/06\/cropped-Logotype_HBP_Avocats_RVB_Seul_Bleu.png","contentUrl":"https:\/\/www.maitre-bajer-pellet.fr\/wp-content\/uploads\/2025\/06\/cropped-Logotype_HBP_Avocats_RVB_Seul_Bleu.png","width":512,"height":512,"caption":"admin"},"logo":{"@id":"https:\/\/www.maitre-bajer-pellet.fr\/wp-content\/uploads\/2025\/06\/cropped-Logotype_HBP_Avocats_RVB_Seul_Bleu.png"},"sameAs":["https:\/\/maitre-bajer-pellet.fr"]}]}},"_links":{"self":[{"href":"https:\/\/www.maitre-bajer-pellet.fr\/en\/wp-json\/wp\/v2\/pages\/87","targetHints":{"allow":["GET"]}}],"collection":[{"href":"https:\/\/www.maitre-bajer-pellet.fr\/en\/wp-json\/wp\/v2\/pages"}],"about":[{"href":"https:\/\/www.maitre-bajer-pellet.fr\/en\/wp-json\/wp\/v2\/types\/page"}],"author":[{"embeddable":true,"href":"https:\/\/www.maitre-bajer-pellet.fr\/en\/wp-json\/wp\/v2\/users\/1"}],"replies":[{"embeddable":true,"href":"https:\/\/www.maitre-bajer-pellet.fr\/en\/wp-json\/wp\/v2\/comments?post=87"}],"version-history":[{"count":25,"href":"https:\/\/www.maitre-bajer-pellet.fr\/en\/wp-json\/wp\/v2\/pages\/87\/revisions"}],"predecessor-version":[{"id":388,"href":"https:\/\/www.maitre-bajer-pellet.fr\/en\/wp-json\/wp\/v2\/pages\/87\/revisions\/388"}],"wp:attachment":[{"href":"https:\/\/www.maitre-bajer-pellet.fr\/en\/wp-json\/wp\/v2\/media?parent=87"}],"curies":[{"name":"wp","href":"https:\/\/api.w.org\/{rel}","templated":true}]}}