{"id":153,"date":"2025-06-30T16:54:03","date_gmt":"2025-06-30T16:54:03","guid":{"rendered":"https:\/\/www.maitre-bajer-pellet.fr\/?page_id=153"},"modified":"2025-07-03T16:11:03","modified_gmt":"2025-07-03T16:11:03","slug":"mentions-legales-2","status":"publish","type":"page","link":"https:\/\/www.maitre-bajer-pellet.fr\/en\/mentions-legales-2\/","title":{"rendered":"Legal notices"},"content":{"rendered":"<div data-elementor-type=\"wp-page\" data-elementor-id=\"153\" class=\"elementor elementor-153\">\n\t\t\t\t<div class=\"elementor-element elementor-element-25c8a33 e-con-full e-flex wpr-particle-no wpr-jarallax-no wpr-parallax-no wpr-sticky-section-no wpr-equal-height-no e-con e-parent\" data-id=\"25c8a33\" data-element_type=\"container\" data-e-type=\"container\">\n\t\t\t\t<div class=\"elementor-element elementor-element-78c8a61 wpr-promo-box-style-cover elementor-widget elementor-widget-wpr-promo-box\" data-id=\"78c8a61\" data-element_type=\"widget\" data-e-type=\"widget\" data-widget_type=\"wpr-promo-box.default\">\n\t\t\t\t<div class=\"elementor-widget-container\">\n\t\t\t\t\t\n\t\t<div class=\"wpr-promo-box wpr-animation-wrap\">\n\n\t\t\t\t\t\t\t\n\t\t\t\t\t\t\t<div class=\"wpr-promo-box-image\">\n\t\t\t\t\t<div class=\"wpr-promo-box-bg-image wpr-bg-anim-none wpr-anim-timing-ease-default\" style=\"background-image:url(https:\/\/www.maitre-bajer-pellet.fr\/wp-content\/uploads\/2025\/06\/corentin-J5TYAxwQoM8-unsplash-scaled-1.jpg);\"><\/div>\n\t\t\t\t\t<div class=\"wpr-promo-box-bg-overlay wpr-border-anim-none\"><\/div>\n\t\t\t\t<\/div>\n\t\t\t\t\t\t\n\t\t\t<div class=\"wpr-promo-box-content\">\n\n\t\t\t\t\t\t\t\t<div class=\"wpr-promo-box-icon\">\n\t\t\t\t\t\t\t\t\t<\/div>\n\t\t\t\t\n\t\t\t\t<h1 class=\"wpr-promo-box-title\"><span>Legal notices<\/span><\/h1>\n\t\t\t\t\t\t\t\t\t<div class=\"wpr-promo-box-description\">\n\t\t\t\t\t\t<p><p>H\u00e9lo\u00efse Bajer-Pellet AVOCAtes<\/p><\/p>\t\n\t\t\t\t\t<\/div>\t\t\t\t\t\t\n\t\t\t\t\n\t\t\t\t\t\t\t<\/div>\n\n\t\t\t\t\t<\/div>\n\n\t\t\t\t\t\t<\/div>\n\t\t\t\t<\/div>\n\t\t\t\t<\/div>\n\t\t<div class=\"elementor-element elementor-element-6fc54c6 e-flex e-con-boxed wpr-particle-no wpr-jarallax-no wpr-parallax-no wpr-sticky-section-no wpr-equal-height-no e-con e-parent\" data-id=\"6fc54c6\" data-element_type=\"container\" data-e-type=\"container\">\n\t\t\t\t\t<div class=\"e-con-inner\">\n\t\t\t\t<div class=\"elementor-element elementor-element-e3ccfea elementor-widget elementor-widget-spacer\" data-id=\"e3ccfea\" data-element_type=\"widget\" data-e-type=\"widget\" data-widget_type=\"spacer.default\">\n\t\t\t\t<div class=\"elementor-widget-container\">\n\t\t\t\t\t\t\t<div class=\"elementor-spacer\">\n\t\t\t<div class=\"elementor-spacer-inner\"><\/div>\n\t\t<\/div>\n\t\t\t\t\t\t<\/div>\n\t\t\t\t<\/div>\n\t\t\t\t\t<\/div>\n\t\t\t\t<\/div>\n\t\t<div class=\"elementor-element elementor-element-267da2a e-flex e-con-boxed wpr-particle-no wpr-jarallax-no wpr-parallax-no wpr-sticky-section-no wpr-equal-height-no e-con e-parent\" data-id=\"267da2a\" data-element_type=\"container\" data-e-type=\"container\">\n\t\t\t\t\t<div class=\"e-con-inner\">\n\t\t\t\t<div class=\"elementor-element elementor-element-25ccfce elementor-widget elementor-widget-heading\" data-id=\"25ccfce\" data-element_type=\"widget\" data-e-type=\"widget\" data-widget_type=\"heading.default\">\n\t\t\t\t<div class=\"elementor-widget-container\">\n\t\t\t\t\t<h2 class=\"elementor-heading-title elementor-size-default\">Propri\u00e9t\u00e9 du site<\/h2>\t\t\t\t<\/div>\n\t\t\t\t<\/div>\n\t\t\t\t<div class=\"elementor-element elementor-element-5b438c7 elementor-widget elementor-widget-text-editor\" data-id=\"5b438c7\" data-element_type=\"widget\" data-e-type=\"widget\" data-widget_type=\"text-editor.default\">\n\t\t\t\t<div class=\"elementor-widget-container\">\n\t\t\t\t\t\t\t\t\t<p style=\"font-weight: 400;\">Le pr\u00e9sent site internet est la propri\u00e9t\u00e9 de SELARLU Ma\u00eetre H\u00e9lo\u00efse BAJER\u2013PELLET, Place de la Bastille, 1 rue Saint Antoine, 75004 Paris, France. Email de contact : h.bajer-pellet@bajer-pellet-avocats.com<\/p>\t\t\t\t\t\t\t\t<\/div>\n\t\t\t\t<\/div>\n\t\t\t\t\t<\/div>\n\t\t\t\t<\/div>\n\t\t<div class=\"elementor-element elementor-element-b30fd28 e-flex e-con-boxed wpr-particle-no wpr-jarallax-no wpr-parallax-no wpr-sticky-section-no wpr-equal-height-no e-con e-parent\" data-id=\"b30fd28\" data-element_type=\"container\" data-e-type=\"container\">\n\t\t\t\t\t<div class=\"e-con-inner\">\n\t\t\t\t<div class=\"elementor-element elementor-element-4f5358f elementor-widget elementor-widget-heading\" data-id=\"4f5358f\" data-element_type=\"widget\" data-e-type=\"widget\" data-widget_type=\"heading.default\">\n\t\t\t\t<div class=\"elementor-widget-container\">\n\t\t\t\t\t<h3 class=\"elementor-heading-title elementor-size-default\">H\u00e9bergement &amp; conception<\/h3>\t\t\t\t<\/div>\n\t\t\t\t<\/div>\n\t\t\t\t<div class=\"elementor-element elementor-element-a0cdb6b elementor-widget elementor-widget-text-editor\" data-id=\"a0cdb6b\" data-element_type=\"widget\" data-e-type=\"widget\" data-widget_type=\"text-editor.default\">\n\t\t\t\t<div class=\"elementor-widget-container\">\n\t\t\t\t\t\t\t\t\t<p style=\"font-weight: 400;\">Le site web, accessible \u00e0 partir de l\u2019adresse URL www.maitre-bajer-pellet.fr, (ci-apr\u00e8s le \u00ab Site Web \u00bb) est \u00e9dit\u00e9 par Me H\u00e9lo\u00efse Bajer-Pellet, avocate inscrite au Barreau de Paris, sise SCM Avocats \u2013 Place de la Bastille, 3 place de la Bastille \/ 1 rue Saint Antoine \u2013 75004 Paris, t\u00e9l. +33 (0)1 73 72 51 36 \/ fax. +33 (0)1 42 74 80 09.<br \/>Le directeur de la publication est Madame H\u00e9lo\u00efse Bajer-Pellet, avocate.<br \/>Le site est h\u00e9berg\u00e9 par OVH, 2 rue Kellermann \u2013 59100 Roubaix \u2013 France.<\/p><p style=\"font-weight: 400;\">Reynard Graphic \u2013 graphiste ind\u00e9pendant \u00e0 Angers. 52 Av. Yolande d\u2019Aragon, 49100 Angers\u00a0<a href=\"https:\/\/www.reynardgraphic.com\/\">reynardgraphic.com <\/a>reynardgraphic@outlook.com \u2013 06 62 43 90 09<\/p>\t\t\t\t\t\t\t\t<\/div>\n\t\t\t\t<\/div>\n\t\t\t\t\t<\/div>\n\t\t\t\t<\/div>\n\t\t<div class=\"elementor-element elementor-element-5cf5671 e-flex e-con-boxed wpr-particle-no wpr-jarallax-no wpr-parallax-no wpr-sticky-section-no wpr-equal-height-no e-con e-parent\" data-id=\"5cf5671\" data-element_type=\"container\" data-e-type=\"container\">\n\t\t\t\t\t<div class=\"e-con-inner\">\n\t\t\t\t<div class=\"elementor-element elementor-element-1846cab elementor-widget elementor-widget-heading\" data-id=\"1846cab\" data-element_type=\"widget\" data-e-type=\"widget\" data-widget_type=\"heading.default\">\n\t\t\t\t<div class=\"elementor-widget-container\">\n\t\t\t\t\t<h4 class=\"elementor-heading-title elementor-size-default\">Propri\u00e9t\u00e9 intellectuelle<\/h4>\t\t\t\t<\/div>\n\t\t\t\t<\/div>\n\t\t\t\t<div class=\"elementor-element elementor-element-517cd42 elementor-widget elementor-widget-text-editor\" data-id=\"517cd42\" data-element_type=\"widget\" data-e-type=\"widget\" data-widget_type=\"text-editor.default\">\n\t\t\t\t<div class=\"elementor-widget-container\">\n\t\t\t\t\t\t\t\t\t<p style=\"font-weight: 400;\">L\u2019ensemble de ce site rel\u00e8ve de la l\u00e9gislation fran\u00e7aise et internationale sur le droit d\u2019auteur et la propri\u00e9t\u00e9 intellectuelle. Tous les droits de reproduction sont r\u00e9serv\u00e9s, y compris pour les documents t\u00e9l\u00e9chargeables et les repr\u00e9sentations iconographiques et photographiques. Toute reproduction, repr\u00e9sentation, modification, publication, adaptation de tout ou partie des \u00e9l\u00e9ments du site, quel que soit le moyen ou le proc\u00e9d\u00e9 utilis\u00e9, est interdite. Sauf autorisation \u00e9crite pr\u00e9alable de : Me H\u00e9lo\u00efse Bajer-Pellet. Toute exploitation non autoris\u00e9e du site ou de l\u2019un quelconque des \u00e9l\u00e9ments qu\u2019il contient sera consid\u00e9r\u00e9e comme constitutive d\u2019une contrefa\u00e7on. Et poursuivie conform\u00e9ment aux dispositions des articles L.335-2 et suivants du Code de Propri\u00e9t\u00e9 Intellectuelle.<\/p>\t\t\t\t\t\t\t\t<\/div>\n\t\t\t\t<\/div>\n\t\t\t\t\t<\/div>\n\t\t\t\t<\/div>\n\t\t<div class=\"elementor-element elementor-element-70498b5 e-flex e-con-boxed wpr-particle-no wpr-jarallax-no wpr-parallax-no wpr-sticky-section-no wpr-equal-height-no e-con e-parent\" data-id=\"70498b5\" data-element_type=\"container\" data-e-type=\"container\">\n\t\t\t\t\t<div class=\"e-con-inner\">\n\t\t\t\t<div class=\"elementor-element elementor-element-4fafe6e elementor-widget elementor-widget-heading\" data-id=\"4fafe6e\" data-element_type=\"widget\" data-e-type=\"widget\" data-widget_type=\"heading.default\">\n\t\t\t\t<div class=\"elementor-widget-container\">\n\t\t\t\t\t<h5 class=\"elementor-heading-title elementor-size-default\">Contenu<\/h5>\t\t\t\t<\/div>\n\t\t\t\t<\/div>\n\t\t\t\t<div class=\"elementor-element elementor-element-4aced8e elementor-widget elementor-widget-text-editor\" data-id=\"4aced8e\" data-element_type=\"widget\" data-e-type=\"widget\" data-widget_type=\"text-editor.default\">\n\t\t\t\t<div class=\"elementor-widget-container\">\n\t\t\t\t\t\t\t\t\t<p style=\"font-weight: 400;\">Les informations fournies dans le Site Web par Me H\u00e9lo\u00efse Bajer-Pellet sont donn\u00e9es \u00e0 titre indicatif et n\u2019ont pas de valeur contractuelle.<br \/>La reproduction ou repr\u00e9sentation, int\u00e9grale ou partielle, des pages, des donn\u00e9es et de tout autre \u00e9l\u00e9ment constitutif du Site Web, par quelque proc\u00e9d\u00e9 ou support que ce soit, est interdite et constitue, sauf autorisation de l\u2019\u00e9diteur, une contrefa\u00e7on.<br \/>Les marques cit\u00e9es le cas \u00e9ch\u00e9ant sur le Site Web sont d\u00e9pos\u00e9es par les soci\u00e9t\u00e9s qui en sont propri\u00e9taires.<br \/>Sauf accord pr\u00e9alable et \u00e9crit de Me H\u00e9lo\u00efse Bajer-Pellet, l\u2019utilisateur n\u2019est pas autoris\u00e9 \u00e0 placer sur son propre site Internet un lien hypertexte pointant vers le Site Web et\/ou les pages qu\u2019il contient.<\/p>\t\t\t\t\t\t\t\t<\/div>\n\t\t\t\t<\/div>\n\t\t\t\t\t<\/div>\n\t\t\t\t<\/div>\n\t\t<div class=\"elementor-element elementor-element-1dca01d e-flex e-con-boxed wpr-particle-no wpr-jarallax-no wpr-parallax-no wpr-sticky-section-no wpr-equal-height-no e-con e-parent\" data-id=\"1dca01d\" data-element_type=\"container\" data-e-type=\"container\">\n\t\t\t\t\t<div class=\"e-con-inner\">\n\t\t\t\t<div class=\"elementor-element elementor-element-8c06fa6 elementor-widget elementor-widget-heading\" data-id=\"8c06fa6\" data-element_type=\"widget\" data-e-type=\"widget\" data-widget_type=\"heading.default\">\n\t\t\t\t<div class=\"elementor-widget-container\">\n\t\t\t\t\t<h6 class=\"elementor-heading-title elementor-size-default\">Protection des donn\u00e9es personnelles<\/h6>\t\t\t\t<\/div>\n\t\t\t\t<\/div>\n\t\t\t\t<div class=\"elementor-element elementor-element-61dbbbe elementor-widget elementor-widget-text-editor\" data-id=\"61dbbbe\" data-element_type=\"widget\" data-e-type=\"widget\" data-widget_type=\"text-editor.default\">\n\t\t\t\t<div class=\"elementor-widget-container\">\n\t\t\t\t\t\t\t\t\t<p style=\"font-weight: 400;\">Conform\u00e9ment aux dispositions de la loi informatique et libert\u00e9s du 6 janvier 1978 modifi\u00e9e en 2004, tout utilisateur ayant d\u00e9pos\u00e9 sur le Site Web des informations directement ou indirectement nominatives peut demander la communication des informations personnelles le concernant, les faire rectifier ou supprimer en s\u2019adressant \u00e0 Me H\u00e9lo\u00efse Bajer-Pellet, Avocate au Barreau de Paris \u2013 SCM Avocats \u2013 Place de la Bastille, 3 place de la Bastille \/ 1 rue Saint Antoine \u2013 75004 Paris. Tout utilisateur peut \u00e9galement, pour des motifs l\u00e9gitimes, s\u2019opposer au traitement des donn\u00e9es le concernant.<\/p>\t\t\t\t\t\t\t\t<\/div>\n\t\t\t\t<\/div>\n\t\t\t\t\t<\/div>\n\t\t\t\t<\/div>\n\t\t<div class=\"elementor-element elementor-element-6ddd39a e-flex e-con-boxed wpr-particle-no wpr-jarallax-no wpr-parallax-no wpr-sticky-section-no wpr-equal-height-no e-con e-parent\" data-id=\"6ddd39a\" data-element_type=\"container\" data-e-type=\"container\">\n\t\t\t\t\t<div class=\"e-con-inner\">\n\t\t\t\t<div class=\"elementor-element elementor-element-8e5185a elementor-widget elementor-widget-heading\" data-id=\"8e5185a\" data-element_type=\"widget\" data-e-type=\"widget\" data-widget_type=\"heading.default\">\n\t\t\t\t<div class=\"elementor-widget-container\">\n\t\t\t\t\t<h6 class=\"elementor-heading-title elementor-size-default\">Directeur publication &amp; Cr\u00e9dits photographiques<\/h6>\t\t\t\t<\/div>\n\t\t\t\t<\/div>\n\t\t\t\t<div class=\"elementor-element elementor-element-ccddd05 elementor-widget elementor-widget-text-editor\" data-id=\"ccddd05\" data-element_type=\"widget\" data-e-type=\"widget\" data-widget_type=\"text-editor.default\">\n\t\t\t\t<div class=\"elementor-widget-container\">\n\t\t\t\t\t\t\t\t\t<p style=\"font-weight: 400;\">Directeur de la publication : H\u00e9lo\u00efse Bajer-Pellet, avocate inscrite au Barreau de Paris. Certaines photographies pr\u00e9sentes sur le site, sont la propri\u00e9t\u00e9 de SELARLU Ma\u00eetre H\u00e9lo\u00efse BAJER\u2013PELLET. D\u2019autres photographies proviennent de banques d\u2019images libres de droits comme la photographie principal du site, <a href=\"https:\/\/unsplash.com\/fr\/@corentaing?utm_content=creditCopyText&amp;utm_medium=referral&amp;utm_source=unsplash\">Corentin, sur<\/a>\u00a0<a href=\"https:\/\/unsplash.com\/fr\/photos\/batiment-en-beton-blanc-et-brun-J5TYAxwQoM8?utm_content=creditCopyText&amp;utm_medium=referral&amp;utm_source=unsplash\">Unsplash<\/a>.<\/p>\t\t\t\t\t\t\t\t<\/div>\n\t\t\t\t<\/div>\n\t\t\t\t\t<\/div>\n\t\t\t\t<\/div>\n\t\t<div class=\"elementor-element elementor-element-0576366 e-flex e-con-boxed wpr-particle-no wpr-jarallax-no wpr-parallax-no wpr-sticky-section-no wpr-equal-height-no e-con e-parent\" data-id=\"0576366\" data-element_type=\"container\" data-e-type=\"container\">\n\t\t\t\t\t<div class=\"e-con-inner\">\n\t\t\t\t<div class=\"elementor-element elementor-element-b861cee elementor-widget elementor-widget-heading\" data-id=\"b861cee\" data-element_type=\"widget\" data-e-type=\"widget\" data-widget_type=\"heading.default\">\n\t\t\t\t<div class=\"elementor-widget-container\">\n\t\t\t\t\t<h6 class=\"elementor-heading-title elementor-size-default\">Donn\u00e9es recueillies via les cookies<\/h6>\t\t\t\t<\/div>\n\t\t\t\t<\/div>\n\t\t\t\t<div class=\"elementor-element elementor-element-d4cc74d elementor-widget elementor-widget-text-editor\" data-id=\"d4cc74d\" data-element_type=\"widget\" data-e-type=\"widget\" data-widget_type=\"text-editor.default\">\n\t\t\t\t<div class=\"elementor-widget-container\">\n\t\t\t\t\t\t\t\t\t<p>Lors de votre passage sur le site https:\/\/www.maitre-bajer-pellet.fr\/, des informations relatives \u00e0 la navigation sont susceptibles d\u2019\u00eatre enregistr\u00e9es dans des fichiers textes appel\u00e9s \u00ab cookies \u00bb install\u00e9s sur votre ordinateur ou mobile. Ils permettent de m\u00e9moriser vos actions et pr\u00e9f\u00e9rences pendant un temps donn\u00e9, pour que vous n\u2019ayez pas \u00e0 r\u00e9indiquer ces informations \u00e0 chaque visite du site ou navigation d\u2019une page \u00e0 une autre.<\/p><p>Vous trouverez des cookies susceptibles d\u2019\u00eatre d\u00e9pos\u00e9s : des cookies de navigation et de pr\u00e9f\u00e9rence, pour vous proposer une navigation selon votre profil (acteur de projets de recherche\/institutionnel\/journaliste) et vous permettre d\u2019acc\u00e9der plus facilement aux contenus du site. Des cookies de performance, pour \u00e9laborer des statistiques via l\u2019outil Google Analytics et optimiser les performances du site institutionnel.<\/p>\t\t\t\t\t\t\t\t<\/div>\n\t\t\t\t<\/div>\n\t\t\t\t\t<\/div>\n\t\t\t\t<\/div>\n\t\t<div class=\"elementor-element elementor-element-31c9ec8 e-flex e-con-boxed wpr-particle-no wpr-jarallax-no wpr-parallax-no wpr-sticky-section-no wpr-equal-height-no e-con e-parent\" data-id=\"31c9ec8\" data-element_type=\"container\" data-e-type=\"container\">\n\t\t\t\t\t<div class=\"e-con-inner\">\n\t\t\t\t<div class=\"elementor-element elementor-element-b90e396 elementor-widget elementor-widget-heading\" data-id=\"b90e396\" data-element_type=\"widget\" data-e-type=\"widget\" data-widget_type=\"heading.default\">\n\t\t\t\t<div class=\"elementor-widget-container\">\n\t\t\t\t\t<h6 class=\"elementor-heading-title elementor-size-default\">Liens hypertextes et navigation<\/h6>\t\t\t\t<\/div>\n\t\t\t\t<\/div>\n\t\t\t\t<div class=\"elementor-element elementor-element-8c10e00 elementor-widget elementor-widget-text-editor\" data-id=\"8c10e00\" data-element_type=\"widget\" data-e-type=\"widget\" data-widget_type=\"text-editor.default\">\n\t\t\t\t<div class=\"elementor-widget-container\">\n\t\t\t\t\t\t\t\t\t<p style=\"font-weight: 400;\">Le site contient des liens hypertextes qui m\u00e8nent vers d\u2019autres sites, avec autorisation de ces derniers. Cependant, le site n\u2019a pas la possibilit\u00e9 de v\u00e9rifier le contenu des sites ainsi visit\u00e9s, et n\u2019assumera en cons\u00e9quence aucune responsabilit\u00e9 de ce fait. Pour une navigation optimale nous vous recommandons d\u2019utiliser :\u00a0Chrome,\u00a0Mozilla Firefox,\u00a0Safari\u00a0ou\u00a0Internet Explorer\u00a0(PC&amp;Mac)<\/p>\t\t\t\t\t\t\t\t<\/div>\n\t\t\t\t<\/div>\n\t\t\t\t\t<\/div>\n\t\t\t\t<\/div>\n\t\t<div class=\"elementor-element elementor-element-66f9089 e-flex e-con-boxed wpr-particle-no wpr-jarallax-no wpr-parallax-no wpr-sticky-section-no wpr-equal-height-no e-con e-parent\" data-id=\"66f9089\" data-element_type=\"container\" data-e-type=\"container\">\n\t\t\t\t\t<div class=\"e-con-inner\">\n\t\t\t\t<div class=\"elementor-element elementor-element-51d626f elementor-widget elementor-widget-heading\" data-id=\"51d626f\" data-element_type=\"widget\" data-e-type=\"widget\" data-widget_type=\"heading.default\">\n\t\t\t\t<div class=\"elementor-widget-container\">\n\t\t\t\t\t<h6 class=\"elementor-heading-title elementor-size-default\">Conditions juridiques<\/h6>\t\t\t\t<\/div>\n\t\t\t\t<\/div>\n\t\t\t\t<div class=\"elementor-element elementor-element-956f974 elementor-widget elementor-widget-text-editor\" data-id=\"956f974\" data-element_type=\"widget\" data-e-type=\"widget\" data-widget_type=\"text-editor.default\">\n\t\t\t\t<div class=\"elementor-widget-container\">\n\t\t\t\t\t\t\t\t\t<p style=\"font-weight: 400;\">En envoyant un courrier \u00e9lectronique au cabinet de Me H\u00e9lo\u00efse Bajer-Pellet au moyen d\u2019un lien de type \u00ab contact \u00bb ou \u00ab mailto \u00bb se trouvant sur le Site Web ou en acc\u00e9dant et\/ou en utilisant le Site Web, chaque utilisateur d\u00e9clare et garantit qu\u2019il a pris pr\u00e9alablement connaissance des pr\u00e9sentes conditions juridiques, c\u2019est-\u00e0-dire des informations l\u00e9gales, des r\u00e8gles applicables \u00e0 la protection des donn\u00e9es \u00e0 caract\u00e8re personnel et des conditions d\u2019utilisation, et qu\u2019il en accepte les termes et conditions sans r\u00e9serve, modification ou restriction.<\/p>\t\t\t\t\t\t\t\t<\/div>\n\t\t\t\t<\/div>\n\t\t\t\t\t<\/div>\n\t\t\t\t<\/div>\n\t\t\t\t<\/div>","protected":false},"excerpt":{"rendered":"<p>Mentions l\u00e9gales H\u00e9lo\u00efse Bajer-Pellet AVOCAtes Propri\u00e9t\u00e9 du site Le pr\u00e9sent site internet est la propri\u00e9t\u00e9 de SELARLU Ma\u00eetre H\u00e9lo\u00efse BAJER\u2013PELLET, Place de la Bastille, 1 rue Saint Antoine, 75004 Paris, France. Email de contact : h.bajer-pellet@bajer-pellet-avocats.com H\u00e9bergement &amp; conception Le site web, accessible \u00e0 partir de l\u2019adresse URL www.maitre-bajer-pellet.fr, (ci-apr\u00e8s le \u00ab Site Web \u00bb) est \u00e9dit\u00e9 par Me H\u00e9lo\u00efse Bajer-Pellet, avocate inscrite au Barreau de Paris, sise SCM Avocats \u2013 Place de la Bastille, 3 place de la Bastille \/ 1 rue Saint Antoine \u2013 75004 Paris, t\u00e9l. +33 (0)1 73 72 51 36 \/ fax. +33 (0)1 42 74 80 09.Le directeur de la publication est Madame H\u00e9lo\u00efse Bajer-Pellet, avocate.Le site est h\u00e9berg\u00e9 par OVH, 2 rue Kellermann \u2013 59100 Roubaix \u2013 France. Reynard Graphic \u2013 graphiste ind\u00e9pendant \u00e0 Angers. 52 Av. Yolande d\u2019Aragon, 49100 Angers\u00a0reynardgraphic.com reynardgraphic@outlook.com \u2013 06 62 43 90 09 Propri\u00e9t\u00e9 intellectuelle L\u2019ensemble de ce site rel\u00e8ve de la l\u00e9gislation fran\u00e7aise et internationale sur le droit d\u2019auteur et la propri\u00e9t\u00e9 intellectuelle. Tous les droits de reproduction sont r\u00e9serv\u00e9s, y compris pour les documents t\u00e9l\u00e9chargeables et les repr\u00e9sentations iconographiques et photographiques. Toute reproduction, repr\u00e9sentation, modification, publication, adaptation de tout ou partie des \u00e9l\u00e9ments du site, quel que soit le moyen ou le proc\u00e9d\u00e9 utilis\u00e9, est interdite. Sauf autorisation \u00e9crite pr\u00e9alable de : Me H\u00e9lo\u00efse Bajer-Pellet. Toute exploitation non autoris\u00e9e du site ou de l\u2019un quelconque des \u00e9l\u00e9ments qu\u2019il contient sera consid\u00e9r\u00e9e comme constitutive d\u2019une contrefa\u00e7on. Et poursuivie conform\u00e9ment aux dispositions des articles L.335-2 et suivants du Code de Propri\u00e9t\u00e9 Intellectuelle. Contenu Les informations fournies dans le Site Web par Me H\u00e9lo\u00efse Bajer-Pellet sont donn\u00e9es \u00e0 titre indicatif et n\u2019ont pas de valeur contractuelle.La reproduction ou repr\u00e9sentation, int\u00e9grale ou partielle, des pages, des donn\u00e9es et de tout autre \u00e9l\u00e9ment constitutif du Site Web, par quelque proc\u00e9d\u00e9 ou support que ce soit, est interdite et constitue, sauf autorisation de l\u2019\u00e9diteur, une contrefa\u00e7on.Les marques cit\u00e9es le cas \u00e9ch\u00e9ant sur le Site Web sont d\u00e9pos\u00e9es par les soci\u00e9t\u00e9s qui en sont propri\u00e9taires.Sauf accord pr\u00e9alable et \u00e9crit de Me H\u00e9lo\u00efse Bajer-Pellet, l\u2019utilisateur n\u2019est pas autoris\u00e9 \u00e0 placer sur son propre site Internet un lien hypertexte pointant vers le Site Web et\/ou les pages qu\u2019il contient. Protection des donn\u00e9es personnelles Conform\u00e9ment aux dispositions de la loi informatique et libert\u00e9s du 6 janvier 1978 modifi\u00e9e en 2004, tout utilisateur ayant d\u00e9pos\u00e9 sur le Site Web des informations directement ou indirectement nominatives peut demander la communication des informations personnelles le concernant, les faire rectifier ou supprimer en s\u2019adressant \u00e0 Me H\u00e9lo\u00efse Bajer-Pellet, Avocate au Barreau de Paris \u2013 SCM Avocats \u2013 Place de la Bastille, 3 place de la Bastille \/ 1 rue Saint Antoine \u2013 75004 Paris. Tout utilisateur peut \u00e9galement, pour des motifs l\u00e9gitimes, s\u2019opposer au traitement des donn\u00e9es le concernant. Directeur publication &amp; Cr\u00e9dits photographiques Directeur de la publication : H\u00e9lo\u00efse Bajer-Pellet, avocate inscrite au Barreau de Paris. Certaines photographies pr\u00e9sentes sur le site, sont la propri\u00e9t\u00e9 de SELARLU Ma\u00eetre H\u00e9lo\u00efse BAJER\u2013PELLET. D\u2019autres photographies proviennent de banques d\u2019images libres de droits comme la photographie principal du site, Corentin, sur\u00a0Unsplash. Donn\u00e9es recueillies via les cookies Lors de votre passage sur le site https:\/\/www.maitre-bajer-pellet.fr\/, des informations relatives \u00e0 la navigation sont susceptibles d\u2019\u00eatre enregistr\u00e9es dans des fichiers textes appel\u00e9s \u00ab cookies \u00bb install\u00e9s sur votre ordinateur ou mobile. Ils permettent de m\u00e9moriser vos actions et pr\u00e9f\u00e9rences pendant un temps donn\u00e9, pour que vous n\u2019ayez pas \u00e0 r\u00e9indiquer ces informations \u00e0 chaque visite du site ou navigation d\u2019une page \u00e0 une autre. Vous trouverez des cookies susceptibles d\u2019\u00eatre d\u00e9pos\u00e9s : des cookies de navigation et de pr\u00e9f\u00e9rence, pour vous proposer une navigation selon votre profil (acteur de projets de recherche\/institutionnel\/journaliste) et vous permettre d\u2019acc\u00e9der plus facilement aux contenus du site. Des cookies de performance, pour \u00e9laborer des statistiques via l\u2019outil Google Analytics et optimiser les performances du site institutionnel. Liens hypertextes et navigation Le site contient des liens hypertextes qui m\u00e8nent vers d\u2019autres sites, avec autorisation de ces derniers. Cependant, le site n\u2019a pas la possibilit\u00e9 de v\u00e9rifier le contenu des sites ainsi visit\u00e9s, et n\u2019assumera en cons\u00e9quence aucune responsabilit\u00e9 de ce fait. Pour une navigation optimale nous vous recommandons d\u2019utiliser :\u00a0Chrome,\u00a0Mozilla Firefox,\u00a0Safari\u00a0ou\u00a0Internet Explorer\u00a0(PC&amp;Mac) Conditions juridiques En envoyant un courrier \u00e9lectronique au cabinet de Me H\u00e9lo\u00efse Bajer-Pellet au moyen d\u2019un lien de type \u00ab contact \u00bb ou \u00ab mailto \u00bb se trouvant sur le Site Web ou en acc\u00e9dant et\/ou en utilisant le Site Web, chaque utilisateur d\u00e9clare et garantit qu\u2019il a pris pr\u00e9alablement connaissance des pr\u00e9sentes conditions juridiques, c\u2019est-\u00e0-dire des informations l\u00e9gales, des r\u00e8gles applicables \u00e0 la protection des donn\u00e9es \u00e0 caract\u00e8re personnel et des conditions d\u2019utilisation, et qu\u2019il en accepte les termes et conditions sans r\u00e9serve, modification ou restriction.<\/p>","protected":false},"author":1,"featured_media":0,"parent":0,"menu_order":0,"comment_status":"closed","ping_status":"closed","template":"","meta":{"site-sidebar-layout":"no-sidebar","site-content-layout":"","ast-site-content-layout":"full-width-container","site-content-style":"default","site-sidebar-style":"default","ast-global-header-display":"","ast-banner-title-visibility":"","ast-main-header-display":"","ast-hfb-above-header-display":"","ast-hfb-below-header-display":"","ast-hfb-mobile-header-display":"","site-post-title":"disabled","ast-breadcrumbs-content":"","ast-featured-img":"disabled","footer-sml-layout":"","ast-disable-related-posts":"","theme-transparent-header-meta":"","adv-header-id-meta":"","stick-header-meta":"","header-above-stick-meta":"","header-main-stick-meta":"","header-below-stick-meta":"","astra-migrate-meta-layouts":"default","ast-page-background-enabled":"default","ast-page-background-meta":{"desktop":{"background-color":"var(--ast-global-color-5)","background-image":"","background-repeat":"repeat","background-position":"center center","background-size":"auto","background-attachment":"scroll","background-type":"","background-media":"","overlay-type":"","overlay-color":"","overlay-opacity":"","overlay-gradient":""},"tablet":{"background-color":"","background-image":"","background-repeat":"repeat","background-position":"center center","background-size":"auto","background-attachment":"scroll","background-type":"","background-media":"","overlay-type":"","overlay-color":"","overlay-opacity":"","overlay-gradient":""},"mobile":{"background-color":"","background-image":"","background-repeat":"repeat","background-position":"center center","background-size":"auto","background-attachment":"scroll","background-type":"","background-media":"","overlay-type":"","overlay-color":"","overlay-opacity":"","overlay-gradient":""}},"ast-content-background-meta":{"desktop":{"background-color":"var(--ast-global-color-4)","background-image":"","background-repeat":"repeat","background-position":"center center","background-size":"auto","background-attachment":"scroll","background-type":"","background-media":"","overlay-type":"","overlay-color":"","overlay-opacity":"","overlay-gradient":""},"tablet":{"background-color":"var(--ast-global-color-4)","background-image":"","background-repeat":"repeat","background-position":"center center","background-size":"auto","background-attachment":"scroll","background-type":"","background-media":"","overlay-type":"","overlay-color":"","overlay-opacity":"","overlay-gradient":""},"mobile":{"background-color":"var(--ast-global-color-4)","background-image":"","background-repeat":"repeat","background-position":"center center","background-size":"auto","background-attachment":"scroll","background-type":"","background-media":"","overlay-type":"","overlay-color":"","overlay-opacity":"","overlay-gradient":""}},"footnotes":""},"class_list":["post-153","page","type-page","status-publish","hentry"],"yoast_head":"<!-- This site is optimized with the Yoast SEO plugin v27.5 - https:\/\/yoast.com\/product\/yoast-seo-wordpress\/ -->\n<title>Mentions l\u00e9gales - Ma\u00eetre H\u00e9lo\u00efse BAJER \u2013 PELLET, Avocate au barreau de Paris<\/title>\n<meta name=\"description\" content=\"Mentions l\u00e9gales - Cabinet H\u00e9lo\u00efse Bajer-Pellet Avocates au Barreau de Paris - SELARLU Ma\u00eetre H\u00e9lo\u00efse BAJER\u2013PELLET, Place de la Bastille ...\" \/>\n<meta name=\"robots\" content=\"index, follow, max-snippet:-1, max-image-preview:large, max-video-preview:-1\" \/>\n<link rel=\"canonical\" href=\"https:\/\/www.maitre-bajer-pellet.fr\/en\/mentions-legales-2\/\" \/>\n<meta property=\"og:locale\" content=\"en_GB\" \/>\n<meta property=\"og:type\" content=\"article\" \/>\n<meta property=\"og:title\" content=\"Mentions l\u00e9gales - Ma\u00eetre H\u00e9lo\u00efse BAJER \u2013 PELLET, Avocate au barreau de Paris\" \/>\n<meta property=\"og:description\" content=\"Mentions l\u00e9gales - Cabinet H\u00e9lo\u00efse Bajer-Pellet Avocates au Barreau de Paris - SELARLU Ma\u00eetre H\u00e9lo\u00efse BAJER\u2013PELLET, Place de la Bastille ...\" \/>\n<meta property=\"og:url\" content=\"https:\/\/www.maitre-bajer-pellet.fr\/en\/mentions-legales-2\/\" \/>\n<meta property=\"og:site_name\" content=\"Ma\u00eetre H\u00e9lo\u00efse BAJER \u2013 PELLET, Avocate au barreau de Paris\" \/>\n<meta property=\"article:modified_time\" content=\"2025-07-03T16:11:03+00:00\" \/>\n<meta property=\"og:image\" content=\"https:\/\/www.maitre-bajer-pellet.fr\/wp-content\/uploads\/2025\/06\/cropped-Logotype_HBP_Avocats_RVB_Seul_Bleu.png\" \/>\n\t<meta property=\"og:image:width\" content=\"512\" \/>\n\t<meta property=\"og:image:height\" content=\"512\" \/>\n\t<meta property=\"og:image:type\" content=\"image\/png\" \/>\n<meta name=\"twitter:card\" content=\"summary_large_image\" \/>\n<meta name=\"twitter:label1\" content=\"Estimated reading time\" \/>\n\t<meta name=\"twitter:data1\" content=\"4 minutes\" \/>\n<script type=\"application\/ld+json\" class=\"yoast-schema-graph\">{\"@context\":\"https:\\\/\\\/schema.org\",\"@graph\":[{\"@type\":\"WebPage\",\"@id\":\"https:\\\/\\\/www.maitre-bajer-pellet.fr\\\/mentions-legales-2\\\/\",\"url\":\"https:\\\/\\\/www.maitre-bajer-pellet.fr\\\/mentions-legales-2\\\/\",\"name\":\"Mentions l\u00e9gales - Ma\u00eetre H\u00e9lo\u00efse BAJER \u2013 PELLET, Avocate au barreau de Paris\",\"isPartOf\":{\"@id\":\"https:\\\/\\\/www.maitre-bajer-pellet.fr\\\/#website\"},\"datePublished\":\"2025-06-30T16:54:03+00:00\",\"dateModified\":\"2025-07-03T16:11:03+00:00\",\"description\":\"Mentions l\u00e9gales - Cabinet H\u00e9lo\u00efse Bajer-Pellet Avocates au Barreau de Paris - SELARLU Ma\u00eetre H\u00e9lo\u00efse BAJER\u2013PELLET, Place de la Bastille ...\",\"breadcrumb\":{\"@id\":\"https:\\\/\\\/www.maitre-bajer-pellet.fr\\\/mentions-legales-2\\\/#breadcrumb\"},\"inLanguage\":\"en-GB\",\"potentialAction\":[{\"@type\":\"ReadAction\",\"target\":[\"https:\\\/\\\/www.maitre-bajer-pellet.fr\\\/mentions-legales-2\\\/\"]}]},{\"@type\":\"BreadcrumbList\",\"@id\":\"https:\\\/\\\/www.maitre-bajer-pellet.fr\\\/mentions-legales-2\\\/#breadcrumb\",\"itemListElement\":[{\"@type\":\"ListItem\",\"position\":1,\"name\":\"Accueil\",\"item\":\"https:\\\/\\\/www.maitre-bajer-pellet.fr\\\/\"},{\"@type\":\"ListItem\",\"position\":2,\"name\":\"Mentions l\u00e9gales\"}]},{\"@type\":\"WebSite\",\"@id\":\"https:\\\/\\\/www.maitre-bajer-pellet.fr\\\/#website\",\"url\":\"https:\\\/\\\/www.maitre-bajer-pellet.fr\\\/\",\"name\":\"Ma\u00eetre H\u00e9lo\u00efse BAJER \u2013 PELLET, Avocate au barreau de Paris\",\"description\":\"\",\"publisher\":{\"@id\":\"https:\\\/\\\/www.maitre-bajer-pellet.fr\\\/#\\\/schema\\\/person\\\/6a83d35b8f0e04ecb2b7452d694ef6b3\"},\"potentialAction\":[{\"@type\":\"SearchAction\",\"target\":{\"@type\":\"EntryPoint\",\"urlTemplate\":\"https:\\\/\\\/www.maitre-bajer-pellet.fr\\\/?s={search_term_string}\"},\"query-input\":{\"@type\":\"PropertyValueSpecification\",\"valueRequired\":true,\"valueName\":\"search_term_string\"}}],\"inLanguage\":\"en-GB\"},{\"@type\":[\"Person\",\"Organization\"],\"@id\":\"https:\\\/\\\/www.maitre-bajer-pellet.fr\\\/#\\\/schema\\\/person\\\/6a83d35b8f0e04ecb2b7452d694ef6b3\",\"name\":\"admin\",\"image\":{\"@type\":\"ImageObject\",\"inLanguage\":\"en-GB\",\"@id\":\"https:\\\/\\\/www.maitre-bajer-pellet.fr\\\/wp-content\\\/uploads\\\/2025\\\/06\\\/cropped-Logotype_HBP_Avocats_RVB_Seul_Bleu.png\",\"url\":\"https:\\\/\\\/www.maitre-bajer-pellet.fr\\\/wp-content\\\/uploads\\\/2025\\\/06\\\/cropped-Logotype_HBP_Avocats_RVB_Seul_Bleu.png\",\"contentUrl\":\"https:\\\/\\\/www.maitre-bajer-pellet.fr\\\/wp-content\\\/uploads\\\/2025\\\/06\\\/cropped-Logotype_HBP_Avocats_RVB_Seul_Bleu.png\",\"width\":512,\"height\":512,\"caption\":\"admin\"},\"logo\":{\"@id\":\"https:\\\/\\\/www.maitre-bajer-pellet.fr\\\/wp-content\\\/uploads\\\/2025\\\/06\\\/cropped-Logotype_HBP_Avocats_RVB_Seul_Bleu.png\"},\"sameAs\":[\"https:\\\/\\\/maitre-bajer-pellet.fr\"]}]}<\/script>\n<!-- \/ Yoast SEO plugin. -->","yoast_head_json":{"title":"Mentions l\u00e9gales - Ma\u00eetre H\u00e9lo\u00efse BAJER \u2013 PELLET, Avocate au barreau de Paris","description":"Mentions l\u00e9gales - Cabinet H\u00e9lo\u00efse Bajer-Pellet Avocates au Barreau de Paris - SELARLU Ma\u00eetre H\u00e9lo\u00efse BAJER\u2013PELLET, Place de la Bastille ...","robots":{"index":"index","follow":"follow","max-snippet":"max-snippet:-1","max-image-preview":"max-image-preview:large","max-video-preview":"max-video-preview:-1"},"canonical":"https:\/\/www.maitre-bajer-pellet.fr\/en\/mentions-legales-2\/","og_locale":"en_GB","og_type":"article","og_title":"Mentions l\u00e9gales - Ma\u00eetre H\u00e9lo\u00efse BAJER \u2013 PELLET, Avocate au barreau de Paris","og_description":"Mentions l\u00e9gales - Cabinet H\u00e9lo\u00efse Bajer-Pellet Avocates au Barreau de Paris - SELARLU Ma\u00eetre H\u00e9lo\u00efse BAJER\u2013PELLET, Place de la Bastille ...","og_url":"https:\/\/www.maitre-bajer-pellet.fr\/en\/mentions-legales-2\/","og_site_name":"Ma\u00eetre H\u00e9lo\u00efse BAJER \u2013 PELLET, Avocate au barreau de Paris","article_modified_time":"2025-07-03T16:11:03+00:00","og_image":[{"width":512,"height":512,"url":"https:\/\/www.maitre-bajer-pellet.fr\/wp-content\/uploads\/2025\/06\/cropped-Logotype_HBP_Avocats_RVB_Seul_Bleu.png","type":"image\/png"}],"twitter_card":"summary_large_image","twitter_misc":{"Estimated reading time":"4 minutes"},"schema":{"@context":"https:\/\/schema.org","@graph":[{"@type":"WebPage","@id":"https:\/\/www.maitre-bajer-pellet.fr\/mentions-legales-2\/","url":"https:\/\/www.maitre-bajer-pellet.fr\/mentions-legales-2\/","name":"Mentions l\u00e9gales - Ma\u00eetre H\u00e9lo\u00efse BAJER \u2013 PELLET, Avocate au barreau de Paris","isPartOf":{"@id":"https:\/\/www.maitre-bajer-pellet.fr\/#website"},"datePublished":"2025-06-30T16:54:03+00:00","dateModified":"2025-07-03T16:11:03+00:00","description":"Mentions l\u00e9gales - Cabinet H\u00e9lo\u00efse Bajer-Pellet Avocates au Barreau de Paris - SELARLU Ma\u00eetre H\u00e9lo\u00efse BAJER\u2013PELLET, Place de la Bastille ...","breadcrumb":{"@id":"https:\/\/www.maitre-bajer-pellet.fr\/mentions-legales-2\/#breadcrumb"},"inLanguage":"en-GB","potentialAction":[{"@type":"ReadAction","target":["https:\/\/www.maitre-bajer-pellet.fr\/mentions-legales-2\/"]}]},{"@type":"BreadcrumbList","@id":"https:\/\/www.maitre-bajer-pellet.fr\/mentions-legales-2\/#breadcrumb","itemListElement":[{"@type":"ListItem","position":1,"name":"Accueil","item":"https:\/\/www.maitre-bajer-pellet.fr\/"},{"@type":"ListItem","position":2,"name":"Mentions l\u00e9gales"}]},{"@type":"WebSite","@id":"https:\/\/www.maitre-bajer-pellet.fr\/#website","url":"https:\/\/www.maitre-bajer-pellet.fr\/","name":"Ma\u00eetre H\u00e9lo\u00efse BAJER \u2013 PELLET, Avocate au barreau de Paris","description":"","publisher":{"@id":"https:\/\/www.maitre-bajer-pellet.fr\/#\/schema\/person\/6a83d35b8f0e04ecb2b7452d694ef6b3"},"potentialAction":[{"@type":"SearchAction","target":{"@type":"EntryPoint","urlTemplate":"https:\/\/www.maitre-bajer-pellet.fr\/?s={search_term_string}"},"query-input":{"@type":"PropertyValueSpecification","valueRequired":true,"valueName":"search_term_string"}}],"inLanguage":"en-GB"},{"@type":["Person","Organization"],"@id":"https:\/\/www.maitre-bajer-pellet.fr\/#\/schema\/person\/6a83d35b8f0e04ecb2b7452d694ef6b3","name":"admin","image":{"@type":"ImageObject","inLanguage":"en-GB","@id":"https:\/\/www.maitre-bajer-pellet.fr\/wp-content\/uploads\/2025\/06\/cropped-Logotype_HBP_Avocats_RVB_Seul_Bleu.png","url":"https:\/\/www.maitre-bajer-pellet.fr\/wp-content\/uploads\/2025\/06\/cropped-Logotype_HBP_Avocats_RVB_Seul_Bleu.png","contentUrl":"https:\/\/www.maitre-bajer-pellet.fr\/wp-content\/uploads\/2025\/06\/cropped-Logotype_HBP_Avocats_RVB_Seul_Bleu.png","width":512,"height":512,"caption":"admin"},"logo":{"@id":"https:\/\/www.maitre-bajer-pellet.fr\/wp-content\/uploads\/2025\/06\/cropped-Logotype_HBP_Avocats_RVB_Seul_Bleu.png"},"sameAs":["https:\/\/maitre-bajer-pellet.fr"]}]}},"_links":{"self":[{"href":"https:\/\/www.maitre-bajer-pellet.fr\/en\/wp-json\/wp\/v2\/pages\/153","targetHints":{"allow":["GET"]}}],"collection":[{"href":"https:\/\/www.maitre-bajer-pellet.fr\/en\/wp-json\/wp\/v2\/pages"}],"about":[{"href":"https:\/\/www.maitre-bajer-pellet.fr\/en\/wp-json\/wp\/v2\/types\/page"}],"author":[{"embeddable":true,"href":"https:\/\/www.maitre-bajer-pellet.fr\/en\/wp-json\/wp\/v2\/users\/1"}],"replies":[{"embeddable":true,"href":"https:\/\/www.maitre-bajer-pellet.fr\/en\/wp-json\/wp\/v2\/comments?post=153"}],"version-history":[{"count":19,"href":"https:\/\/www.maitre-bajer-pellet.fr\/en\/wp-json\/wp\/v2\/pages\/153\/revisions"}],"predecessor-version":[{"id":373,"href":"https:\/\/www.maitre-bajer-pellet.fr\/en\/wp-json\/wp\/v2\/pages\/153\/revisions\/373"}],"wp:attachment":[{"href":"https:\/\/www.maitre-bajer-pellet.fr\/en\/wp-json\/wp\/v2\/media?parent=153"}],"curies":[{"name":"wp","href":"https:\/\/api.w.org\/{rel}","templated":true}]}}